{"id":2,"date":"2019-11-18T10:58:22","date_gmt":"2019-11-18T09:58:22","guid":{"rendered":"http:\/\/maitallurgie.be\/2020\/?page_id=2"},"modified":"2020-02-19T14:04:18","modified_gmt":"2020-02-19T13:04:18","slug":"page-d-exemple","status":"publish","type":"page","link":"http:\/\/maitallurgie.be\/2020\/page-d-exemple\/","title":{"rendered":"A propos"},"content":{"rendered":"\n<div class=\"wp-block-image\"><figure class=\"alignright is-resized\"><img loading=\"lazy\" src=\"http:\/\/maitallurgie.be\/2018\/wp-content\/uploads\/2018\/02\/Marchienne-Babel5cm-278x300.jpg\" alt=\"\" width=\"234\" height=\"253\"\/><\/figure><\/div>\n\n\n\n<p>Sous le brouillard industriel de Charleroi, une fourmili\u00e8re \nd\u2019habitants de toutes les couleurs et de tous les \u00e2ges travaille \u00e0 lui \ndonner un nouveau visage tout en pr\u00e9servant son riche pass\u00e9.<\/p>\n\n\n\n<p>Les changements \u00e9conomiques ont modifi\u00e9 le paysage de la ville. L\u00e0 \no\u00f9&nbsp; existaient l\u2019activit\u00e9, la solidarit\u00e9, la vie, il ne reste souvent \nque des friches industrielles et de douloureuses friches \u00ab humaines \u00bb.&nbsp; \nLe festival aura pour objectif, entre autres, de transmettre aux jeunes,\n la m\u00e9moire collective li\u00e9e \u00e0 la m\u00e9tallurgie.<\/p>\n\n\n\n<p>Sa priorit\u00e9 est de partager avec d\u2019autres associations et des \nprofessionnels des Arts, un projet multiculturel et interg\u00e9n\u00e9rationnel \nayant un th\u00e8me f\u00e9d\u00e9rateur et aussi de faciliter aux citoyens de toutes \nconditions l\u2019acc\u00e8s \u00e0 diverses formes de culture.<\/p>\n\n\n\n<p>Il devra \u00e9galement comprendre des \u00e9l\u00e9ments de compr\u00e9hension du d\u00e9clin  du quartier ainsi que des \u00e9l\u00e9ments pour r\u00eaver son avenir. Pass\u00e9,  pr\u00e9sent et futur seront \u00e9quitablement repr\u00e9sent\u00e9s dans le festival Ce  projet donnera lieu \u00e0 la participation collective de la vie sociale et  sera une \u00e9tape importante vers la cohabitation, la solidarit\u00e9 et la  connaissance.<\/p>\n\n\n\n<p><\/p>\n\n\n\n<p><\/p>\n\n\n\n<p><\/p>\n","protected":false},"excerpt":{"rendered":"<p>Sous le brouillard industriel de Charleroi, une fourmili\u00e8re d\u2019habitants de toutes les couleurs et de tous les \u00e2ges travaille \u00e0 lui donner un nouveau visage tout en pr\u00e9servant son riche pass\u00e9. Les changements \u00e9conomiques ont modifi\u00e9 le paysage de la ville. L\u00e0 o\u00f9&nbsp; existaient l\u2019activit\u00e9, la solidarit\u00e9, la vie, il ne reste souvent que des friches industrielles et de douloureuses friches \u00ab humaines \u00bb.&nbsp; Le festival aura pour objectif, entre autres, de transmettre aux jeunes, la m\u00e9moire collective li\u00e9e \u00e0 la m\u00e9tallurgie. Sa priorit\u00e9 est de partager avec d\u2019autres associations et des professionnels des Arts, un projet multiculturel et interg\u00e9n\u00e9rationnel ayant un th\u00e8me f\u00e9d\u00e9rateur et aussi de faciliter aux citoyens de toutes conditions l\u2019acc\u00e8s \u00e0 diverses formes de culture. Il devra \u00e9galement comprendre des \u00e9l\u00e9ments de compr\u00e9hension du d\u00e9clin du quartier ainsi que des \u00e9l\u00e9ments pour r\u00eaver son avenir. Pass\u00e9, pr\u00e9sent et futur seront \u00e9quitablement repr\u00e9sent\u00e9s dans le festival Ce projet donnera lieu \u00e0 la participation collective de la vie sociale et sera une \u00e9tape importante vers la cohabitation, la solidarit\u00e9 et la connaissance.<\/p>\n","protected":false},"author":1,"featured_media":0,"parent":0,"menu_order":0,"comment_status":"closed","ping_status":"open","template":"","meta":[],"_links":{"self":[{"href":"http:\/\/maitallurgie.be\/2020\/wp-json\/wp\/v2\/pages\/2"}],"collection":[{"href":"http:\/\/maitallurgie.be\/2020\/wp-json\/wp\/v2\/pages"}],"about":[{"href":"http:\/\/maitallurgie.be\/2020\/wp-json\/wp\/v2\/types\/page"}],"author":[{"embeddable":true,"href":"http:\/\/maitallurgie.be\/2020\/wp-json\/wp\/v2\/users\/1"}],"replies":[{"embeddable":true,"href":"http:\/\/maitallurgie.be\/2020\/wp-json\/wp\/v2\/comments?post=2"}],"version-history":[{"count":10,"href":"http:\/\/maitallurgie.be\/2020\/wp-json\/wp\/v2\/pages\/2\/revisions"}],"predecessor-version":[{"id":76,"href":"http:\/\/maitallurgie.be\/2020\/wp-json\/wp\/v2\/pages\/2\/revisions\/76"}],"wp:attachment":[{"href":"http:\/\/maitallurgie.be\/2020\/wp-json\/wp\/v2\/media?parent=2"}],"curies":[{"name":"wp","href":"https:\/\/api.w.org\/{rel}","templated":true}]}}